{"id":20655,"date":"2025-07-01T17:34:02","date_gmt":"2025-07-01T15:34:02","guid":{"rendered":"https:\/\/atlantika.net\/sprachkurse\/spanisch-super-intensivkurs-30-stunden-bildungsurlaub\/"},"modified":"2026-03-31T21:48:58","modified_gmt":"2026-03-31T19:48:58","slug":"spanisch-super-intensivkurs-30-stunden-bildungsurlaub","status":"publish","type":"page","link":"https:\/\/atlantika.net\/nl\/sprachkurse\/spanisch-super-intensivkurs-30-stunden-bildungsurlaub\/","title":{"rendered":"Spanisch Super Intensivkurs \u2013 30 Stunden \u2013 Bildungsurlaub"},"content":{"rendered":"<p><div class=\"fusion-fullwidth fullwidth-box fusion-builder-row-1 fusion-flex-container has-pattern-background has-mask-background nonhundred-percent-fullwidth non-hundred-percent-height-scrolling\" style=\"--awb-border-radius-top-left:0px;--awb-border-radius-top-right:0px;--awb-border-radius-bottom-right:0px;--awb-border-radius-bottom-left:0px;--awb-flex-wrap:wrap;\" ><div class=\"fusion-builder-row fusion-row fusion-flex-align-items-flex-start fusion-flex-content-wrap\" style=\"max-width:1456px;margin-left: calc(-4% \/ 2 );margin-right: calc(-4% \/ 2 );\"><div class=\"fusion-layout-column fusion_builder_column fusion-builder-column-0 fusion_builder_column_1_1 1_1 fusion-flex-column\" style=\"--awb-bg-size:cover;--awb-width-large:100%;--awb-margin-top-large:0px;--awb-spacing-right-large:1.92%;--awb-margin-bottom-large:20px;--awb-spacing-left-large:1.92%;--awb-width-medium:100%;--awb-order-medium:0;--awb-spacing-right-medium:1.92%;--awb-spacing-left-medium:1.92%;--awb-width-small:100%;--awb-order-small:0;--awb-spacing-right-small:1.92%;--awb-spacing-left-small:1.92%;\"><div class=\"fusion-column-wrapper fusion-column-has-shadow fusion-flex-justify-content-flex-start fusion-content-layout-column\"><div class=\"fusion-text fusion-text-1\"><h2 style=\"text-align: center;\">Spanisch Super Intensivkurs \u2013 30 Stunden \u2013 Bildungsurlaub<\/h2>\n<\/div><div class=\"fusion-title title fusion-title-1 fusion-sep-none fusion-title-text fusion-title-size-three\"><h3 class=\"fusion-title-heading title-heading-left\" style=\"margin:0;\"><p style=\"text-align: center;\">Spanisch \u2013 Bildungsurlaub in Conil-C\u00e1diz!<\/p><\/h3><\/div><\/div><\/div><\/div><\/div><div class=\"fusion-fullwidth fullwidth-box fusion-builder-row-2 fusion-flex-container has-pattern-background has-mask-background nonhundred-percent-fullwidth non-hundred-percent-height-scrolling\" style=\"--awb-border-radius-top-left:0px;--awb-border-radius-top-right:0px;--awb-border-radius-bottom-right:0px;--awb-border-radius-bottom-left:0px;--awb-flex-wrap:wrap;\" ><div class=\"fusion-builder-row fusion-row fusion-flex-align-items-flex-start fusion-flex-content-wrap\" style=\"max-width:1456px;margin-left: calc(-4% \/ 2 );margin-right: calc(-4% \/ 2 );\"><div class=\"fusion-layout-column fusion_builder_column fusion-builder-column-1 fusion_builder_column_1_1 1_1 fusion-flex-column\" style=\"--awb-bg-size:cover;--awb-width-large:100%;--awb-margin-top-large:0px;--awb-spacing-right-large:1.92%;--awb-margin-bottom-large:20px;--awb-spacing-left-large:1.92%;--awb-width-medium:100%;--awb-order-medium:0;--awb-spacing-right-medium:1.92%;--awb-spacing-left-medium:1.92%;--awb-width-small:100%;--awb-order-small:0;--awb-spacing-right-small:1.92%;--awb-spacing-left-small:1.92%;\"><div class=\"fusion-column-wrapper fusion-column-has-shadow fusion-flex-justify-content-flex-start fusion-content-layout-column\"><div class=\"fusion-image-element \" style=\"--awb-caption-title-font-family:var(--h2_typography-font-family);--awb-caption-title-font-weight:var(--h2_typography-font-weight);--awb-caption-title-font-style:var(--h2_typography-font-style);--awb-caption-title-size:var(--h2_typography-font-size);--awb-caption-title-transform:var(--h2_typography-text-transform);--awb-caption-title-line-height:var(--h2_typography-line-height);--awb-caption-title-letter-spacing:var(--h2_typography-letter-spacing);\"><span class=\" fusion-imageframe imageframe-none imageframe-1 hover-type-none\" style=\"border-radius:10px;\"><img decoding=\"async\" width=\"1400\" height=\"598\" alt=\"spanisch superintensiv e1444388175540\" title=\"spanisch-superintensiv\" src=\"https:\/\/atlantika.net\/wp-content\/uploads\/spanisch-superintensiv-e1444388175540.jpg\" data-orig-src=\"https:\/\/atlantika.net\/wp-content\/uploads\/spanisch-superintensiv-e1444388175540.jpg\" class=\"lazyload img-responsive wp-image-13312\" srcset=\"data:image\/svg+xml,%3Csvg%20xmlns%3D%27http%3A%2F%2Fwww.w3.org%2F2000%2Fsvg%27%20width%3D%271400%27%20height%3D%27598%27%20viewBox%3D%270%200%201400%20598%27%3E%3Crect%20width%3D%271400%27%20height%3D%27598%27%20fill-opacity%3D%220%22%2F%3E%3C%2Fsvg%3E\" data-srcset=\"https:\/\/atlantika.net\/wp-content\/uploads\/spanisch-superintensiv-e1444388175540-600x256.jpg 600w, https:\/\/atlantika.net\/wp-content\/uploads\/spanisch-superintensiv-e1444388175540.jpg 1400w\" data-sizes=\"auto\" data-orig-sizes=\"(max-width: 1024px) 100vw, (max-width: 640px) 100vw, 1400px\" \/><\/span><\/div><\/div><\/div><\/div><\/div><div class=\"fusion-fullwidth fullwidth-box fusion-builder-row-3 fusion-flex-container has-pattern-background has-mask-background nonhundred-percent-fullwidth non-hundred-percent-height-scrolling\" style=\"--awb-border-radius-top-left:0px;--awb-border-radius-top-right:0px;--awb-border-radius-bottom-right:0px;--awb-border-radius-bottom-left:0px;--awb-flex-wrap:wrap;\" ><div class=\"fusion-builder-row fusion-row fusion-flex-align-items-flex-start fusion-flex-content-wrap\" style=\"max-width:1456px;margin-left: calc(-4% \/ 2 );margin-right: calc(-4% \/ 2 );\"><div class=\"fusion-layout-column fusion_builder_column fusion-builder-column-2 fusion_builder_column_1_1 1_1 fusion-flex-column\" style=\"--awb-bg-size:cover;--awb-width-large:100%;--awb-margin-top-large:0px;--awb-spacing-right-large:1.92%;--awb-margin-bottom-large:20px;--awb-spacing-left-large:1.92%;--awb-width-medium:100%;--awb-order-medium:0;--awb-spacing-right-medium:1.92%;--awb-spacing-left-medium:1.92%;--awb-width-small:100%;--awb-order-small:0;--awb-spacing-right-small:1.92%;--awb-spacing-left-small:1.92%;\"><div class=\"fusion-column-wrapper fusion-column-has-shadow fusion-flex-justify-content-flex-start fusion-content-layout-column\"><\/div><\/div><div class=\"fusion-layout-column fusion_builder_column fusion-builder-column-3 fusion_builder_column_1_2 1_2 fusion-flex-column\" style=\"--awb-bg-size:cover;--awb-width-large:50%;--awb-margin-top-large:0px;--awb-spacing-right-large:3.84%;--awb-margin-bottom-large:20px;--awb-spacing-left-large:3.84%;--awb-width-medium:100%;--awb-order-medium:0;--awb-spacing-right-medium:1.92%;--awb-spacing-left-medium:1.92%;--awb-width-small:100%;--awb-order-small:0;--awb-spacing-right-small:1.92%;--awb-spacing-left-small:1.92%;\"><div class=\"fusion-column-wrapper fusion-column-has-shadow fusion-flex-justify-content-flex-start fusion-content-layout-column\"><div class=\"fusion-text fusion-text-2\"><p>Zus\u00e4tzlich zum Intensivkurs (4 Schulstunden t\u00e4glich) k\u00f6nnen noch t\u00e4glich 2 Stunden Konversation gebucht werden. Diese Kurse sind in vielen Bundesl\u00e4ndern als Bildungsurlaub anerkannt. Die erforderlichen Bescheinigungen zur Beantragung bei Ihrem Arbeitgeber stellen wir Ihnen selbstverst\u00e4ndlich kostenlos und unverbindlich aus.<\/p>\n<p>In diesen zwei zus\u00e4tzlichen Stunden wird nochmals \u2013 je nach Kenntnisstand \u2013 verst\u00e4rkt alles im Intensivkurs erlernte Spanisch zur Anwendung gebracht und\/oder spezielle Problembereiche behandelt. Dieser Super Intensivkurs Spanisch eignet sich f\u00fcr Teilnehmer, die in k\u00fcrzester Zeit Spanisch erlernen m\u00f6chten.<\/p>\n<p>Teilnehmerzahl: 2-8, Unterrichtsstunden pro Woche: 30<\/p>\n<\/div><div style=\"text-align:left;\"><a class=\"fusion-button button-flat fusion-button-default-size button-default fusion-button-default button-1 fusion-button-default-span fusion-button-default-type\" target=\"_self\" href=\"https:\/\/atlantika.net\/buchungsanfrage_sprachkurs\/\"><i class=\"fa-check fas awb-button__icon awb-button__icon--default button-icon-left\" aria-hidden=\"true\"><\/i><span class=\"fusion-button-text awb-button__text awb-button__text--default\">Anfrage &amp; Reservierung<\/span><\/a><\/div><\/div><\/div><div class=\"fusion-layout-column fusion_builder_column fusion-builder-column-4 fusion_builder_column_1_2 1_2 fusion-flex-column\" style=\"--awb-bg-size:cover;--awb-width-large:50%;--awb-margin-top-large:0px;--awb-spacing-right-large:3.84%;--awb-margin-bottom-large:20px;--awb-spacing-left-large:3.84%;--awb-width-medium:100%;--awb-order-medium:0;--awb-spacing-right-medium:1.92%;--awb-spacing-left-medium:1.92%;--awb-width-small:100%;--awb-order-small:0;--awb-spacing-right-small:1.92%;--awb-spacing-left-small:1.92%;\"><div class=\"fusion-column-wrapper fusion-column-has-shadow fusion-flex-justify-content-flex-start fusion-content-layout-column\"><div class=\"fusion-text fusion-text-3\"><h3>Inklusive<\/h3>\n<p>1. Sprachkurs (45 Min. \/ Unterrichtsstunde)<br \/>\n2. Einschreibegebu\u0308hr<br \/>\n3. Einstufungstest<br \/>\n4. Unterrichtsmaterial<br \/>\n5. Zertifikat und Teilnahmebescheinigung fu\u0308r den Bildungsurlaub<br \/>\n6. Kostenloser Internetzugang, Wireless LAN<br \/>\n7. Organisation des Kulturprogramms und der Freizeitaktivit\u00e4ten<\/p>\n<\/div><div class=\"fusion-text fusion-text-4\"><p><strong>START TERMINE\u00a0<\/strong><\/p>\n<p>Beginn jeden Montag f\u00fcr alle Niveaus.\u00a0Der Kurs beginnt am Montag und endet am Freitag.<\/p>\n<p><span id=\"xyz_ihs_shortcode_11\" class=\"xyz_ihs_copy_shortcode\"><\/span><\/p>\n<p><span id=\"xyz_ihs_shortcode_11\" class=\"xyz_ihs_copy_shortcode\"><\/span><\/p>\n<p><strong>Feiertage an der Academia Atl\u00e1ntika:<\/strong><\/p>\n<p>03.04.\/ 01.05.\/ 16.07.\/ 08.09.\/ 12.10.\/ 02.11.26.\u00a0 Der Gruppenunterricht f\u00e4llt aus und wird nicht nachgeholt.<\/p>\n<p style=\"text-align: left;\">Bei Buchung des 1-Wochen-Kurses reduzieren wir den Preis wg. des Feiertags auf\u00a0 320,00 \u20ac.<\/p>\n<p style=\"text-align: left;\">Hier finden Sie die Bedeutung der<a href=\"https:\/\/atlantika.net\/lokale-feiertage\/\" target=\"_blank\" rel=\"noopener\"><strong> Feiertage.<\/strong><\/a><\/p>\n<p>In der\u00a0<strong>Winterpause<\/strong>\u00a0kann Einzelunterricht\u00a0 gebucht werden. Die Preise werden um 10 % reduziert.<\/p>\n<\/div><\/div><\/div><\/div><\/div><div class=\"fusion-fullwidth fullwidth-box fusion-builder-row-4 fusion-flex-container has-pattern-background has-mask-background nonhundred-percent-fullwidth non-hundred-percent-height-scrolling\" style=\"--awb-border-radius-top-left:0px;--awb-border-radius-top-right:0px;--awb-border-radius-bottom-right:0px;--awb-border-radius-bottom-left:0px;--awb-flex-wrap:wrap;\" ><div class=\"fusion-builder-row fusion-row fusion-flex-align-items-flex-start fusion-flex-content-wrap\" style=\"max-width:1456px;margin-left: calc(-4% \/ 2 );margin-right: calc(-4% \/ 2 );\"><div class=\"fusion-layout-column fusion_builder_column fusion-builder-column-5 fusion_builder_column_1_1 1_1 fusion-flex-column\" style=\"--awb-padding-top:20px;--awb-padding-bottom:20px;--awb-bg-color:#f2f2f2;--awb-bg-color-hover:#f2f2f2;--awb-bg-image:linear-gradient(180deg, #efefef 0%,#e5e5e5 100%);--awb-bg-size:cover;--awb-width-large:100%;--awb-margin-top-large:0px;--awb-spacing-right-large:1.92%;--awb-margin-bottom-large:20px;--awb-spacing-left-large:1.92%;--awb-width-medium:100%;--awb-order-medium:0;--awb-spacing-right-medium:1.92%;--awb-spacing-left-medium:1.92%;--awb-width-small:100%;--awb-order-small:0;--awb-spacing-right-small:1.92%;--awb-spacing-left-small:1.92%;\" data-scroll-devices=\"small-visibility,medium-visibility,large-visibility\"><div class=\"fusion-column-wrapper fusion-column-has-shadow fusion-flex-justify-content-flex-start fusion-content-layout-column\"><div class=\"fusion-text fusion-text-5\"><h2 style=\"text-align: center;\">Preise 2026<\/h2>\n<\/div><\/div><\/div><div class=\"fusion-layout-column fusion_builder_column fusion-builder-column-6 fusion_builder_column_1_1 1_1 fusion-flex-column\" style=\"--awb-bg-image:linear-gradient(180deg, rgba(2,188,249,0.08) 0%,rgba(2,106,242,0.14) 100%);--awb-bg-size:cover;--awb-width-large:100%;--awb-margin-top-large:0px;--awb-spacing-right-large:1.92%;--awb-margin-bottom-large:20px;--awb-spacing-left-large:1.92%;--awb-width-medium:100%;--awb-order-medium:0;--awb-spacing-right-medium:1.92%;--awb-spacing-left-medium:1.92%;--awb-width-small:100%;--awb-order-small:0;--awb-spacing-right-small:1.92%;--awb-spacing-left-small:1.92%;\" data-scroll-devices=\"small-visibility,medium-visibility,large-visibility\"><div class=\"fusion-column-wrapper fusion-column-has-shadow fusion-flex-justify-content-flex-start fusion-content-layout-column\"><div class=\"fusion-text fusion-text-6\">\n<table id=\"tablepress-157\" class=\"tablepress tablepress-id-157\">\n<tbody class=\"row-hover\">\n<tr class=\"row-1\">\n\t<td class=\"column-1\">1 Woche<\/td><td class=\"column-2\">30h<\/td><td class=\"column-3\">\u00e1 45 Min.<\/td><td class=\"column-4\">\u20ac 360<\/td>\n<\/tr>\n<tr class=\"row-2\">\n\t<td class=\"column-1\">2 Wochen<\/td><td class=\"column-2\">60h<\/td><td class=\"column-3\">\u00e1 45 Min.<\/td><td class=\"column-4\">\u20ac 560<\/td>\n<\/tr>\n<tr class=\"row-3\">\n\t<td class=\"column-1\"><\/td><td class=\"column-2\"><\/td><td class=\"column-3\"><\/td><td class=\"column-4\"><\/td>\n<\/tr>\n<tr class=\"row-4\">\n\t<td class=\"column-1\">jede weitere Woche<\/td><td class=\"column-2\"><\/td><td class=\"column-3\"><\/td><td class=\"column-4\">\u20ac 280<\/td>\n<\/tr>\n<tr class=\"row-5\">\n\t<td class=\"column-1\"><a href=\"https:\/\/atlantika.net\/sprachkurse-spanisch\/#de_superintensiv30\">mehr Informationen <\/a><\/td><td class=\"column-2\"><\/td><td class=\"column-3\"><\/td><td class=\"column-4\"><\/td>\n<\/tr>\n<\/tbody>\n<\/table>\n\n<\/div><\/div><\/div><\/div><\/div><div class=\"fusion-fullwidth fullwidth-box fusion-builder-row-5 fusion-flex-container has-pattern-background has-mask-background nonhundred-percent-fullwidth non-hundred-percent-height-scrolling\" style=\"--awb-border-radius-top-left:0px;--awb-border-radius-top-right:0px;--awb-border-radius-bottom-right:0px;--awb-border-radius-bottom-left:0px;--awb-flex-wrap:wrap;\" ><div class=\"fusion-builder-row fusion-row fusion-flex-align-items-flex-start fusion-flex-content-wrap\" style=\"max-width:1456px;margin-left: calc(-4% \/ 2 );margin-right: calc(-4% \/ 2 );\"><div class=\"fusion-layout-column fusion_builder_column fusion-builder-column-7 fusion_builder_column_1_1 1_1 fusion-flex-column\" style=\"--awb-bg-size:cover;--awb-width-large:100%;--awb-margin-top-large:0px;--awb-spacing-right-large:1.92%;--awb-margin-bottom-large:20px;--awb-spacing-left-large:1.92%;--awb-width-medium:100%;--awb-order-medium:0;--awb-spacing-right-medium:1.92%;--awb-spacing-left-medium:1.92%;--awb-width-small:100%;--awb-order-small:0;--awb-spacing-right-small:1.92%;--awb-spacing-left-small:1.92%;\"><div class=\"fusion-column-wrapper fusion-column-has-shadow fusion-flex-justify-content-flex-start fusion-content-layout-column\"><div style=\"text-align:center;\"><a class=\"fusion-button button-flat fusion-button-default-size button-default fusion-button-default button-2 fusion-button-default-span fusion-button-default-type\" target=\"_self\" href=\"https:\/\/atlantika.net\/buchungsanfrage_sprachkurs\/\"><i class=\" fa fa-check awb-button__icon awb-button__icon--default button-icon-left\" aria-hidden=\"true\"><\/i><span class=\"fusion-button-text awb-button__text awb-button__text--default\">Anfrage &amp; Reservierung<\/span><\/a><\/div><\/div><\/div><\/div><\/div><\/p>\n","protected":false},"excerpt":{"rendered":"","protected":false},"author":7,"featured_media":0,"parent":20447,"menu_order":7,"comment_status":"closed","ping_status":"closed","template":"","meta":{"footnotes":""},"class_list":["post-20655","page","type-page","status-publish","hentry"],"_links":{"self":[{"href":"https:\/\/atlantika.net\/nl\/wp-json\/wp\/v2\/pages\/20655","targetHints":{"allow":["GET"]}}],"collection":[{"href":"https:\/\/atlantika.net\/nl\/wp-json\/wp\/v2\/pages"}],"about":[{"href":"https:\/\/atlantika.net\/nl\/wp-json\/wp\/v2\/types\/page"}],"author":[{"embeddable":true,"href":"https:\/\/atlantika.net\/nl\/wp-json\/wp\/v2\/users\/7"}],"replies":[{"embeddable":true,"href":"https:\/\/atlantika.net\/nl\/wp-json\/wp\/v2\/comments?post=20655"}],"version-history":[{"count":13,"href":"https:\/\/atlantika.net\/nl\/wp-json\/wp\/v2\/pages\/20655\/revisions"}],"predecessor-version":[{"id":21615,"href":"https:\/\/atlantika.net\/nl\/wp-json\/wp\/v2\/pages\/20655\/revisions\/21615"}],"up":[{"embeddable":true,"href":"https:\/\/atlantika.net\/nl\/wp-json\/wp\/v2\/pages\/20447"}],"wp:attachment":[{"href":"https:\/\/atlantika.net\/nl\/wp-json\/wp\/v2\/media?parent=20655"}],"curies":[{"name":"wp","href":"https:\/\/api.w.org\/{rel}","templated":true}]}}